{"id":3205,"date":"2025-12-19T16:46:34","date_gmt":"2025-12-19T16:46:34","guid":{"rendered":"https:\/\/alpsafari.ch\/?post_type=activity&#038;p=3205"},"modified":"2025-12-19T16:54:04","modified_gmt":"2025-12-19T16:54:04","slug":"festival-des-hauderes","status":"publish","type":"activity","link":"https:\/\/alpsafari.ch\/fr\/activities\/festival-des-hauderes\/","title":{"rendered":"Festival des Haud\u00e8res"},"content":{"rendered":"\n<h2 class=\"wp-block-heading\"><\/h2>\n\n\n\n<p><br>Un festival de musique classique et locale organis\u00e9 durant la derni\u00e8re semaine de juillet au c\u0153ur du Val d\u2019H\u00e9rens. L\u2019ambiance du village, entour\u00e9 de sommets et de chalets traditionnels, conf\u00e8re aux concerts un charme alpin inoubliable. <\/p>\n\n\n\n<p><br><a href=\"https:\/\/www.valdherens.ch\/\" target=\"_blank\" rel=\"noopener\">https:\/\/www.valdherens.ch<\/a><\/p>\n","protected":false},"featured_media":0,"template":"","activities_tag":[36],"class_list":["post-3205","activity","type-activity","status-publish","hentry","activities_tag-culture"],"acf":[],"_links":{"self":[{"href":"https:\/\/alpsafari.ch\/fr\/wp-json\/wp\/v2\/activity\/3205","targetHints":{"allow":["GET"]}}],"collection":[{"href":"https:\/\/alpsafari.ch\/fr\/wp-json\/wp\/v2\/activity"}],"about":[{"href":"https:\/\/alpsafari.ch\/fr\/wp-json\/wp\/v2\/types\/activity"}],"wp:attachment":[{"href":"https:\/\/alpsafari.ch\/fr\/wp-json\/wp\/v2\/media?parent=3205"}],"wp:term":[{"taxonomy":"activities_tag","embeddable":true,"href":"https:\/\/alpsafari.ch\/fr\/wp-json\/wp\/v2\/activities_tag?post=3205"}],"curies":[{"name":"wp","href":"https:\/\/api.w.org\/{rel}","templated":true}]}}